{"id":1645,"date":"2022-07-04T00:01:18","date_gmt":"2022-07-03T22:01:18","guid":{"rendered":"https:\/\/as-alai.ro\/?page_id=1645"},"modified":"2022-10-25T16:02:25","modified_gmt":"2022-10-25T14:02:25","slug":"evenimente","status":"publish","type":"page","link":"https:\/\/as-alai.ro\/?page_id=1645","title":{"rendered":"Evenimente"},"content":{"rendered":"\n<ul class=\"wp-block-list\"><li>24 iunie 2022:\u00a0\u00a0 <a href=\"\/evenimente-24-06-2022\" data-type=\"URL\" data-id=\"\/evenimente-24-06-2022\">Conferin\u021ba Interna\u021bional\u0103 \u201eProvoc\u0103rile dreptului de autor la 160 de ani de la prima reglementare a acestora \u00een Rom\u00e2nia \u0219i la 150 de ani de drepturi morale de autor \u00een lume\u201d.<\/a><\/li><li>18.11.2022. <a href=\"https:\/\/as-alai.ro\/evenimente-18-06-2022\/\" data-type=\"page\" data-id=\"1705\">Asocia\u021bia ALAI Rom\u00e2nia, membr\u0103 a Asocia\u021biei Literare \u0219i Artistice Interna\u021bionale\u00a0 (\u00eenfiin\u021bat\u0103 \u00een anul 1878 din ini\u021biativa lui Victor Hugo), lanseaz\u0103 un concurs na\u021bional pentru ocuparea posturilor de membru \u00een echipa de cercetare pentru implementarea proiectului de cercetare \u0219tiin\u021bific\u0103 cu tema: \u201e<strong><em>Inteligen\u021ba artificial\u0103 \u0219i proprietatea intelectual\u0103<\/em><\/strong>\u201d.<\/a><\/li><li>15.02.2023: <a href=\"https:\/\/as-alai.ro\/evenimente-15-02-2023\/\">Concurs international de eseuri \u00een domeniul dreptului de autor \u0219i al drepturilor conexe, organizat de Association Litteraire et Artistique Internationale (ALAI Int.) \u0219i Grupul European al Societ\u0103\u021bilor de Autori \u0219i Compozitori (GESAC), \u00een colaborare cu Grupul ALAI Rom\u00e2nia.<\/a><\/li><\/ul>\n\n\n\n<p><\/p>\n","protected":false},"excerpt":{"rendered":"<p>24 iunie 2022:\u00a0\u00a0 Conferin\u021ba Interna\u021bional\u0103 \u201eProvoc\u0103rile dreptului de autor la 160 de ani de la prima reglementare a acestora \u00een Rom\u00e2nia \u0219i la 150 de ani de drepturi morale de autor \u00een lume\u201d. 18.11.2022. Asocia\u021bia ALAI Rom\u00e2nia, membr\u0103 a Asocia\u021biei Literare \u0219i Artistice Interna\u021bionale\u00a0 (\u00eenfiin\u021bat\u0103 \u00een anul 1878 din ini\u021biativa lui Victor Hugo), lanseaz\u0103 un [&hellip;]<\/p>\n","protected":false},"author":2,"featured_media":0,"parent":0,"menu_order":0,"comment_status":"closed","ping_status":"closed","template":"","meta":{"footnotes":""},"class_list":["post-1645","page","type-page","status-publish","hentry"],"acf":[],"_links":{"self":[{"href":"https:\/\/as-alai.ro\/index.php?rest_route=\/wp\/v2\/pages\/1645","targetHints":{"allow":["GET"]}}],"collection":[{"href":"https:\/\/as-alai.ro\/index.php?rest_route=\/wp\/v2\/pages"}],"about":[{"href":"https:\/\/as-alai.ro\/index.php?rest_route=\/wp\/v2\/types\/page"}],"author":[{"embeddable":true,"href":"https:\/\/as-alai.ro\/index.php?rest_route=\/wp\/v2\/users\/2"}],"replies":[{"embeddable":true,"href":"https:\/\/as-alai.ro\/index.php?rest_route=%2Fwp%2Fv2%2Fcomments&post=1645"}],"version-history":[{"count":7,"href":"https:\/\/as-alai.ro\/index.php?rest_route=\/wp\/v2\/pages\/1645\/revisions"}],"predecessor-version":[{"id":1711,"href":"https:\/\/as-alai.ro\/index.php?rest_route=\/wp\/v2\/pages\/1645\/revisions\/1711"}],"wp:attachment":[{"href":"https:\/\/as-alai.ro\/index.php?rest_route=%2Fwp%2Fv2%2Fmedia&parent=1645"}],"curies":[{"name":"wp","href":"https:\/\/api.w.org\/{rel}","templated":true}]}}